{"id":18,"date":"2025-05-18T20:26:32","date_gmt":"2025-05-18T20:26:32","guid":{"rendered":"https:\/\/terapiahuta.pl\/blog\/?page_id=18"},"modified":"2025-09-07T18:24:04","modified_gmt":"2025-09-07T18:24:04","slug":"o-mnie","status":"publish","type":"page","link":"https:\/\/terapiahuta.pl\/blog\/?page_id=18","title":{"rendered":"O mnie"},"content":{"rendered":"\n<figure class=\"wp-block-image size-large\" style=\"width: 300px;\"><img decoding=\"async\" loading=\"lazy\" width=\"768\" height=\"1024\" src=\"https:\/\/terapiahuta.pl\/blog\/wp-content\/uploads\/2025\/05\/494359225_695261196531592_896846181808859856_n-2-768x1024.jpg\" alt=\"\" class=\"wp-image-19\" srcset=\"https:\/\/terapiahuta.pl\/blog\/wp-content\/uploads\/2025\/05\/494359225_695261196531592_896846181808859856_n-2-768x1024.jpg 768w, https:\/\/terapiahuta.pl\/blog\/wp-content\/uploads\/2025\/05\/494359225_695261196531592_896846181808859856_n-2-225x300.jpg 225w, https:\/\/terapiahuta.pl\/blog\/wp-content\/uploads\/2025\/05\/494359225_695261196531592_896846181808859856_n-2-1152x1536.jpg 1152w, https:\/\/terapiahuta.pl\/blog\/wp-content\/uploads\/2025\/05\/494359225_695261196531592_896846181808859856_n-2.jpg 1500w\" sizes=\"(max-width: 768px) 100vw, 768px\" \/><\/figure>\n\n\n\n<p><small><strong>Nazywam si\u0119 Karolina P\u00f3\u0142rola-Mi\u0119tka. Jestem psycholo\u017ck\u0105 i dyplomowan\u0105 psychoterapeutk\u0105.<\/strong><br>W ramach psychoterapii indywidualnej pracuj\u0119 z osobami doros\u0142ymi (od 18 r.\u017c., r\u00f3wnie\u017c ze studentami) w nurcie psychodynamicznym (korzystaj\u0105c z rozumienia psychoanalitycznego). Prowadz\u0119 tak\u017ce terapi\u0119 par i ma\u0142\u017ce\u0144stw w podej\u015bciu zintegrowanym (psychodynamicznym\/systemowym).<\/small><\/p>\n\n\n\n<p><strong><small>Oferuj\u0119 psychoterapi\u0119 stacjonarn\u0105 jako podstawow\u0105 form\u0119 pracy terapeutycznej, w szczeg\u00f3lnych okoliczno\u015bciach prowadz\u0119 tak\u017ce konsultacje i psychoterapi\u0119 online (dla os\u00f3b, kt\u00f3re nie maj\u0105 mo\u017cliwo\u015bci skorzystania z psychoterapii stacjonarnej).<\/small><\/strong><\/p>\n\n\n\n<p><strong><small>WYKSZTA\u0141CENIE I KWALIFIKACJE<\/small><\/strong><\/p>\n\n\n\n<p><small>Uko\u0144czy\u0142am 5-letnie studia magisterskie na kierunku Psychologia na Uniwersytecie Kardyna\u0142a Stefana Wyszy\u0144skiego w Warszawie, a nast\u0119pnie ca\u0142o\u015bciowe 4-letnie szkolenie w Szkole Psychoterapii Psychodynamicznej w Krakowskim Centrum Psychodynamicznym (kurs rekomendowany przez Polskie Towarzystwo Psychologiczne). Uko\u0144czy\u0142am te\u017c specjalistyczny kurs Terapia Par w Krakowskiej Fundacji Rozwoju Psychoterapii.<\/small><\/p>\n\n\n\n<p><small>Do\u015bwiadczenie zawodowe zdobywa\u0142am, pracuj\u0105c jako psychoterapeutka w O\u015brodku Poradnictwa<br>i Terapii Rodzin, Poradni Psychoterapii Dzieci i M\u0142odzie\u017cy w Krakowie, jak r\u00f3wnie\u017c jako psycholo\u017cka w Szkole Podstawowej nr 14 w Warszawie. Do\u015bwiadczenia psychoterapeutyczne mia\u0142am okazj\u0119 pog\u0142\u0119bia\u0107 w ramach sta\u017cy w Klinice Psychiatrii Dzieci, M\u0142odzie\u017cy i Doros\u0142ych Szpitala Uniwersyteckiego w Krakowie oraz w Krakowskim Instytucie Psychoterapii. Przez okres blisko 7 lat pracowa\u0142am tak\u017ce w O\u015brodku Adopcyjnym Stowarzyszenia \u201ePro Familia\u201d z parami, kt\u00f3re nie mog\u0105 doczeka\u0107 si\u0119 dzieci drog\u0105 naturaln\u0105 i pragn\u0105 je przysposobi\u0107.<\/small><\/p>\n\n\n\n<p><small>W trosce o jak najlepsz\u0105 opiek\u0119 psychoterapeutyczn\u0105 swoj\u0105 prac\u0119 poddaje regularnej superwizji.<br>W trakcie swojej 15-letniej praktyki psychologicznej staram si\u0119 stale podnosi\u0107 swoje kwalifikacje zawodowe. Jestem w procesie certyfikacji &#8211; przygotowuj\u0119 si\u0119 do egzaminu na Certyfikat Psychoterapeuty Polskiego Towarzystwa Psychologicznego. Swoim pacjentom zapewniam dyskrecj\u0119 oraz poufno\u015b\u0107. Nale\u017c\u0119 do Polskiego Towarzystwa Psychoterapii Psychodynamicznej. Uczestnicz\u0119 we w\u0142asnej psychoterapii szkoleniowej w nurcie psychoanalitycznym.<\/small><\/p>\n\n\n\n<p><strong><small>W CZYM MOG\u0118 POM\u00d3C<\/small><\/strong><\/p>\n\n\n\n<p><small>Prowadz\u0119 konsultacje psychologiczne\/psychoterapi\u0119 z nast\u0119puj\u0105cych obszar\u00f3w:<\/small><\/p>\n\n\n\n<ul>\n<li><small>kryzysy \u017cyciowe oraz ma\u0142\u017ce\u0144skie\/partnerskie<\/small><\/li>\n\n\n\n<li><small>trudno\u015bci w budowaniu relacji z innymi<\/small><\/li>\n\n\n\n<li><small>trudno\u015bci w budowaniu relacji damsko-m\u0119skich<\/small><\/li>\n\n\n\n<li><small>trudno\u015bci emocjonalne wynikaj\u0105ce z niep\u0142odno\u015bci<\/small><\/li>\n\n\n\n<li><small>towarzyszenie w prze\u017cywaniu \u017ca\u0142oby i utraty<\/small><\/li>\n\n\n\n<li><small>problemy dotycz\u0105ce poczucia w\u0142asnej warto\u015bci i samooceny<\/small><\/li>\n\n\n\n<li><small>trudno\u015bci w \u017cyciu zawodowym<\/small><\/li>\n\n\n\n<li><small>szeroko rozumiane zaburzenia emocjonalne<\/small><\/li>\n\n\n\n<li><small>zaburzenia adaptacyjne<\/small><\/li>\n\n\n\n<li><small>zaburzenia nastroju, depresja<\/small><\/li>\n\n\n\n<li><small>zaburzenia l\u0119kowe (dawniej &#8222;nerwice&#8221;)<\/small><\/li>\n\n\n\n<li><small>zaburzenia osobowo\u015bci<\/small><\/li>\n\n\n\n<li><small>zaburzenia psychosomatyczne<\/small><\/li>\n<\/ul>\n\n\n<p><\/p>","protected":false},"excerpt":{"rendered":"<p>Nazywam si\u0119 Karolina P\u00f3\u0142rola-Mi\u0119tka. Jestem psycholo\u017ck\u0105 i dyplomowan\u0105 psychoterapeutk\u0105.W ramach psychoterapii indywidualnej pracuj\u0119 z osobami doros\u0142ymi (od 18 r.\u017c., r\u00f3wnie\u017c ze studentami) w nurcie psychodynamicznym (korzystaj\u0105c z rozumienia psychoanalitycznego). Prowadz\u0119 tak\u017ce terapi\u0119 par i ma\u0142\u017ce\u0144stw w podej\u015bciu zintegrowanym (psychodynamicznym\/systemowym). Oferuj\u0119 psychoterapi\u0119 stacjonarn\u0105 jako podstawow\u0105 form\u0119 pracy terapeutycznej, w szczeg\u00f3lnych okoliczno\u015bciach prowadz\u0119 tak\u017ce konsultacje i psychoterapi\u0119 [&hellip;]<\/p>\n","protected":false},"author":1,"featured_media":0,"parent":0,"menu_order":2,"comment_status":"closed","ping_status":"closed","template":"","meta":[],"_links":{"self":[{"href":"https:\/\/terapiahuta.pl\/blog\/index.php?rest_route=\/wp\/v2\/pages\/18"}],"collection":[{"href":"https:\/\/terapiahuta.pl\/blog\/index.php?rest_route=\/wp\/v2\/pages"}],"about":[{"href":"https:\/\/terapiahuta.pl\/blog\/index.php?rest_route=\/wp\/v2\/types\/page"}],"author":[{"embeddable":true,"href":"https:\/\/terapiahuta.pl\/blog\/index.php?rest_route=\/wp\/v2\/users\/1"}],"replies":[{"embeddable":true,"href":"https:\/\/terapiahuta.pl\/blog\/index.php?rest_route=%2Fwp%2Fv2%2Fcomments&post=18"}],"version-history":[{"count":20,"href":"https:\/\/terapiahuta.pl\/blog\/index.php?rest_route=\/wp\/v2\/pages\/18\/revisions"}],"predecessor-version":[{"id":128,"href":"https:\/\/terapiahuta.pl\/blog\/index.php?rest_route=\/wp\/v2\/pages\/18\/revisions\/128"}],"wp:attachment":[{"href":"https:\/\/terapiahuta.pl\/blog\/index.php?rest_route=%2Fwp%2Fv2%2Fmedia&parent=18"}],"curies":[{"name":"wp","href":"https:\/\/api.w.org\/{rel}","templated":true}]}}